{"id":63,"date":"2023-03-02T14:53:42","date_gmt":"2023-03-02T17:53:42","guid":{"rendered":"https:\/\/pre.espacioaudiovisualnacional.org\/ean2023\/?page_id=63"},"modified":"2023-03-09T18:06:24","modified_gmt":"2023-03-09T21:06:24","slug":"apoyos","status":"publish","type":"page","link":"https:\/\/pre.espacioaudiovisualnacional.org\/ean2023\/apoyos\/","title":{"rendered":"Apoyos"},"content":{"rendered":"<section class=\"wpb-content-wrapper\"><p>[vc_row text_align=&#8221;center&#8221; text_color=&#8221;#686868&#8243; type=&#8221;image&#8221; bg_attachment=&#8221;true&#8221; padding_top=&#8221;&#8221; padding_bottom=&#8221;&#8221; overflow=&#8221;false&#8221; visibility=&#8221;visible-xs,visible-sm,visible-md,visible-lg,visible-xlg&#8221; bg_image=&#8221;40&#8243;][vc_column][vc_column_text]<\/p>\n<h1 style=\"text-align: center;\">Apoyos<\/h1>\n<p>[\/vc_column_text][\/vc_column][\/vc_row][vc_row full_height=&#8221;yes&#8221; text_color=&#8221;#686868&#8243; type=&#8221;image&#8221; bg_attachment=&#8221;true&#8221; padding_top=&#8221;&#8221; padding_bottom=&#8221;&#8221; overflow=&#8221;false&#8221; visibility=&#8221;visible-xs,visible-sm,visible-md,visible-lg,visible-xlg&#8221; bg_image=&#8221;40&#8243;][vc_column width=&#8221;1\/3&#8243;][vc_single_image image=&#8221;1171&#8243; img_size=&#8221;full&#8221; alignment=&#8221;right&#8221; style=&#8221;vc_box_shadow_border&#8221; box_shadow=&#8221;zoom&#8221; animation=&#8221;animate-when-almost-visible&#8221; css_animation=&#8221;el-fade&#8221;][vc_column_text]<\/p>\n<h2>Adolfo Aristarain<\/h2>\n<h3><span style=\"color: #808080;\">\u00a0Director<\/span><\/h3>\n<blockquote><p>Los electores suizos aprobaron en una consulta popular que las plataformas de streaming deben invertir en la producci\u00f3n audiovisual nacional. Seg\u00fan los resultados definitivos, el 58,42 % vot\u00f3 a favor de la llamada \u201cLex Netflix\u201d que obligar\u00e1 a esas plataformas a invertir el 4% de su volumen de negocios realizado en Suiza en creaciones hel\u00adv\u00e9ticas o en el pago de una Tasa que servir\u00e1 para apoyar al cine. Por a\u00f1adidura, estar\u00e1n obligadas a ofrecer el 30% de contenidos europeos, como ya ocurre en el resto del continente. No son peronistas, no son zurdos, no son kirchneristas: \u00a1SON SUIZOS! Pero saben que una industria cultural con un mercado chico no cubre los costos y si se quiere que exista HAY QUE SUBSIDIARLA. Es gente inteligente que defiende la cultura de su pa\u00eds. Sigamos el ejemplo.<\/p><\/blockquote>\n<p>[\/vc_column_text][\/vc_column][vc_column width=&#8221;1\/3&#8243;][vc_single_image image=&#8221;1172&#8243; img_size=&#8221;full&#8221; alignment=&#8221;right&#8221; style=&#8221;vc_box_shadow_border&#8221; box_shadow=&#8221;zoom&#8221; animation=&#8221;animate-when-almost-visible&#8221; css_animation=&#8221;el-fade&#8221;][vc_column_text]<\/p>\n<h2>Adri\u00e1n Suar<\/h2>\n<h3><span style=\"color: #808080;\"> Actor y productor<\/span><\/h3>\n<blockquote><p>Las producciones audiovisuales hoy circulan tanto por salas de cine, canales de televisi\u00f3n y de cable, plataformas de internet. El constante avance tecnol\u00f3gico seguir\u00e1 creando nuevos medios. Esta reforma a la ley de cine contempla los cambios tecnol\u00f3gicos y culturales que se produjeron en los \u00faltimos treinta a\u00f1os, incluye a todas las producciones audiovisuales y ampl\u00eda los medios de exhibici\u00f3n y emisi\u00f3n al incorporar a las plataformas. Fortalece, as\u00ed, su vigencia hacia el futuro. Te invitamos a conocer y apoyar el Ante\u00adproyecto de Ley de la producci\u00f3n y la industria audiovisual.<\/p><\/blockquote>\n<p>[\/vc_column_text][\/vc_column][vc_column width=&#8221;1\/3&#8243;][vc_single_image image=&#8221;1173&#8243; img_size=&#8221;full&#8221; alignment=&#8221;right&#8221; style=&#8221;vc_box_shadow_border&#8221; box_shadow=&#8221;zoom&#8221;][vc_column_text]<\/p>\n<h2>Alejandro Alem<\/h2>\n<h3><span style=\"color: #808080;\"> Escritor<br \/>\n<\/span><\/h3>\n<blockquote><p>Un anteproyecto de Ley Audiovisual actualizada que represente y sea apoyado por todos los sectores de la industria es fundamental para que se convierta en una ley que haga posible un INCAA conducido por una representaci\u00f3n m\u00e1s democr\u00e1tica, que mantenga el fondo de fomento, que impulse el desarrollo, genere m\u00e1s trabajo y una mejor producci\u00f3n audiovisual nacional, \u00a1que sea ley!<\/p><\/blockquote>\n<p>[\/vc_column_text][\/vc_column][\/vc_row][vc_row full_height=&#8221;yes&#8221; text_color=&#8221;#686868&#8243; type=&#8221;image&#8221; bg_attachment=&#8221;true&#8221; padding_top=&#8221;&#8221; padding_bottom=&#8221;&#8221; overflow=&#8221;false&#8221; visibility=&#8221;visible-xs,visible-sm,visible-md,visible-lg,visible-xlg&#8221; bg_image=&#8221;40&#8243;][vc_column width=&#8221;1\/3&#8243;][vc_single_image image=&#8221;1206&#8243; img_size=&#8221;full&#8221; alignment=&#8221;right&#8221; style=&#8221;vc_box_shadow_border&#8221; box_shadow=&#8221;zoom&#8221; animation=&#8221;animate-when-almost-visible&#8221; css_animation=&#8221;el-fade&#8221;][vc_column_text]<\/p>\n<h2>Alejandro Vanelli<\/h2>\n<h3><span style=\"color: #808080;\"> Representante art\u00edstico<\/span><\/h3>\n<blockquote><p>El fondo de fomento prev\u00e9 la creaci\u00f3n y sost\u00e9n de recursos espec\u00edficos para las producciones audiovisuales nacionales de directora y diversidades a fin de avanzar hacia la equidad de una sociedad m\u00e1s justa.<\/p><\/blockquote>\n<p>[\/vc_column_text][\/vc_column][vc_column width=&#8221;1\/3&#8243;][vc_single_image image=&#8221;1207&#8243; img_size=&#8221;full&#8221; alignment=&#8221;right&#8221; style=&#8221;vc_box_shadow_border&#8221; box_shadow=&#8221;zoom&#8221; animation=&#8221;animate-when-almost-visible&#8221; css_animation=&#8221;el-fade&#8221;][vc_column_text]<\/p>\n<h2>Marcos Carnevale<\/h2>\n<h3><span style=\"color: #808080;\">Director audiovisual<\/span><\/h3>\n<blockquote><p>Las producciones audiovisuales hoy circulan tanto por salas de cine, canales de televisi\u00f3n y de cable, plataformas de internet, etc. El constante avance tecnol\u00f3gico seguir\u00e1 creando nuevos medios. Es necesaria una nueva Ley para la Producci\u00f3n y la Industria Audiovisual que los contemple. Una Ley que, adem\u00e1s y fundamentalmente, escuche todas las opiniones y abarque todas las miradas. Es necesario hacer realidad una administraci\u00f3n democr\u00e1tica, equitativa y federal.<\/p><\/blockquote>\n<p>[\/vc_column_text][\/vc_column][vc_column width=&#8221;1\/3&#8243;][vc_single_image image=&#8221;1208&#8243; img_size=&#8221;full&#8221; alignment=&#8221;right&#8221; style=&#8221;vc_box_shadow_border&#8221; box_shadow=&#8221;zoom&#8221;][vc_column_text]<\/p>\n<h2>Federico D\u00b4Elia<\/h2>\n<h3><span style=\"color: #808080;\">Actor y productor<\/span><\/h3>\n<blockquote><p>Una de las reformas significativas a la ley de cine, es la de incrementar el Fondo Nacional de Fomento del Cine y de las Artes Audiovisuales, con el 10% sobre el precio b\u00e1sico de toda exhibici\u00f3n, difusi\u00f3n. Es fundamental se\u00f1alar que no se trata de un incremento tributario sobre el espectador, si no que se deducir\u00e1 del Impuesto al Valor Agregado, como ven\u00eda sucediendo con las entradas al cine. M\u00e1s fondos, m\u00e1s trabajo, m\u00e1s producciones.<\/p><\/blockquote>\n<p>[\/vc_column_text][\/vc_column][\/vc_row][vc_row full_height=&#8221;yes&#8221; text_color=&#8221;#686868&#8243; type=&#8221;image&#8221; bg_attachment=&#8221;true&#8221; padding_top=&#8221;&#8221; padding_bottom=&#8221;&#8221; overflow=&#8221;false&#8221; visibility=&#8221;visible-xs,visible-sm,visible-md,visible-lg,visible-xlg&#8221; bg_image=&#8221;40&#8243;][vc_column width=&#8221;1\/3&#8243;][vc_single_image image=&#8221;1213&#8243; img_size=&#8221;full&#8221; alignment=&#8221;right&#8221; style=&#8221;vc_box_shadow_border&#8221; box_shadow=&#8221;zoom&#8221; animation=&#8221;animate-when-almost-visible&#8221; css_animation=&#8221;el-fade&#8221;][vc_column_text]<\/p>\n<h2>Ariel Rotter<\/h2>\n<h3><span style=\"color: #808080;\">Director<\/span><\/h3>\n<blockquote><p>Ante la diversidad de lenguajes, t\u00e9cni\u00adcas y soportes surgidos de los cambios tecnol\u00f3gicos, se hace necesario extender la cuota pantalla de producciones nacionales del cine y la T.V. A las plataformas y a otros medios y modalidades que se creen. La reforma de la ley contempla aplicar este principio, con car\u00e1cter de obligatoriedad, en defensa de nuestra industria y nuestra soberan\u00eda cultural.<\/p><\/blockquote>\n<p>[\/vc_column_text][\/vc_column][vc_column width=&#8221;1\/3&#8243;][vc_single_image image=&#8221;1214&#8243; img_size=&#8221;full&#8221; alignment=&#8221;right&#8221; style=&#8221;vc_box_shadow_border&#8221; box_shadow=&#8221;zoom&#8221; animation=&#8221;animate-when-almost-visible&#8221; css_animation=&#8221;el-fade&#8221;][vc_column_text]<\/p>\n<h2>Carmen Guarini<\/h2>\n<h3><span style=\"color: #808080;\">Directora<\/span><\/h3>\n<blockquote><p>Desde hace unas cuantas d\u00e9cadas somos beneficiarixs de una ley de cine considerada por todxs virtuosa, pero que se ha visto en estos \u00faltimos tiempos encorsetada por los cambios no s\u00f3lo tecnol\u00f3gicos sino de derechos en materia de g\u00e9neros y diversidades que fueron sancionados en numerosas otras \u00e1reas de la legislaci\u00f3n argentina. Los nuevos modos de consumo del cine en particular y de las im\u00e1genes audiovisuales en general, junto al surgimiento de los nuevos formatos, obligan a una actualizaci\u00f3n global de nuestra ley y al mismo tiempo nos ayuda a repensar las formas que nos dimos en cuanto al gerenciamiento del organismo que la administra. Por ello democratizar las decisiones, federalizarlas, incluir todos los recursos que alimentan el Fondo de Fomento en una misma ley, nos permitir\u00e1 tambi\u00e9n no depender de fr\u00e1giles y cambiantes leyes subsidiarias. Por todo esto tenemos los motivos y la oportunidad de un cambio profundo. Apoyo y pido que vayamos por una nueva ley de cine. \u00a1Este es el momento!<\/p><\/blockquote>\n<p>[\/vc_column_text][\/vc_column][vc_column width=&#8221;1\/3&#8243;][vc_single_image image=&#8221;1188&#8243; img_size=&#8221;full&#8221; alignment=&#8221;right&#8221; style=&#8221;vc_box_shadow_border&#8221; box_shadow=&#8221;zoom&#8221;][vc_column_text]<\/p>\n<h2>Celeste Cid<\/h2>\n<h3><span style=\"color: #808080;\">Actriz<\/span><\/h3>\n<blockquote><p>El FONDO DE FOMENTO DE CINE Y ARTES AUDIOVISUALES DE BAJO PRESUPUESTO, EXPERIMENTAL O SOCIAL prev\u00e9 un porcentaje para producciones de bajo presupuesto cuya forma o contenido sea experimental, antropol\u00f3gico, en defensa del medio ambiente, de equidad de g\u00e9nero o la autodeterminaci\u00f3n de la identidad sexual, de las minor\u00edas, de la integraci\u00f3n y promoci\u00f3n de las personas con capacidades diferentes, de los sectores socialmente excluidos, de los movimientos sociales, comunidades ind\u00edgenas u otras minor\u00edas. Estos materiales, centrales en la comunicaci\u00f3n social tambi\u00e9n los contempla el Anteproyecto de Ley de la producci\u00f3n y la industria audiovisual que te invitamos a conocer y apoyar.<\/p><\/blockquote>\n<p>[\/vc_column_text][\/vc_column][\/vc_row][vc_row full_height=&#8221;yes&#8221; text_color=&#8221;#686868&#8243; type=&#8221;image&#8221; bg_attachment=&#8221;true&#8221; padding_top=&#8221;&#8221; padding_bottom=&#8221;&#8221; overflow=&#8221;false&#8221; visibility=&#8221;visible-xs,visible-sm,visible-md,visible-lg,visible-xlg&#8221; bg_image=&#8221;40&#8243;][vc_column width=&#8221;1\/3&#8243;][vc_single_image image=&#8221;1216&#8243; img_size=&#8221;full&#8221; alignment=&#8221;right&#8221; style=&#8221;vc_box_shadow_border&#8221; box_shadow=&#8221;zoom&#8221; animation=&#8221;animate-when-almost-visible&#8221; css_animation=&#8221;el-fade&#8221;][vc_column_text]<\/p>\n<h2>Celina Murga<\/h2>\n<h3><span style=\"color: #808080;\">Directora<\/span><\/h3>\n<blockquote><p>Democracia en la conducci\u00f3n y en la gesti\u00f3n. En esta reforma de la ley de cine, el INCAA pasa estar conducido por un directorio integrado por profesionales audiovisuales id\u00f3neos con representantes de todas las regiones del pa\u00eds y respetando la equidad de g\u00e9nero. Este cambio permitir\u00e1 hacer realidad una administraci\u00f3n m\u00e1s democr\u00e1tica, equitativa y federal.<\/p><\/blockquote>\n<p>[\/vc_column_text][\/vc_column][vc_column width=&#8221;1\/3&#8243;][vc_single_image image=&#8221;1217&#8243; img_size=&#8221;full&#8221; alignment=&#8221;right&#8221; style=&#8221;vc_box_shadow_border&#8221; box_shadow=&#8221;zoom&#8221; animation=&#8221;animate-when-almost-visible&#8221; css_animation=&#8221;el-fade&#8221;][vc_column_text]<\/p>\n<h2>Daniel Barone<\/h2>\n<h3><span style=\"color: #808080;\">Director<\/span><\/h3>\n<blockquote><p>Se hace indispensable el extender la cuota de pantalla a todas las producciones nacionales del cine, de TV a las plataformas y a otros medios por crearse. La reforma de esta ley contempla aplicar este principio, con car\u00e1cter de obligatoriedad, en defensa de nuestra industria y soberan\u00eda cultural. Te invito a que conozcas y apoyes este proyecto.<\/p><\/blockquote>\n<p>[\/vc_column_text][\/vc_column][vc_column width=&#8221;1\/3&#8243;][vc_single_image image=&#8221;1218&#8243; img_size=&#8221;full&#8221; alignment=&#8221;right&#8221; style=&#8221;vc_box_shadow_border&#8221; box_shadow=&#8221;zoom&#8221;][vc_column_text]<\/p>\n<h2>Daniel Hendler<\/h2>\n<h3><span style=\"color: #808080;\">Actor, director, guionista y productor<\/span><\/h3>\n<blockquote><p>Es necesario que el cine sea cada vez m\u00e1s accesible en una era donde el lenguaje audiovisual es una herramienta fundamental en la comunicaci\u00f3n y la educaci\u00f3n, y en la que el arte est\u00e1 en peligro de extinci\u00f3n. El fomento al cine no es un gasto.<\/p><\/blockquote>\n<p>[\/vc_column_text][\/vc_column][\/vc_row][vc_row full_height=&#8221;yes&#8221; text_color=&#8221;#686868&#8243; type=&#8221;image&#8221; bg_attachment=&#8221;true&#8221; padding_top=&#8221;&#8221; padding_bottom=&#8221;&#8221; overflow=&#8221;false&#8221; visibility=&#8221;visible-xs,visible-sm,visible-md,visible-lg,visible-xlg&#8221; bg_image=&#8221;40&#8243;][vc_column width=&#8221;1\/3&#8243;][vc_single_image image=&#8221;1220&#8243; img_size=&#8221;full&#8221; alignment=&#8221;right&#8221; style=&#8221;vc_box_shadow_border&#8221; box_shadow=&#8221;zoom&#8221; animation=&#8221;animate-when-almost-visible&#8221; css_animation=&#8221;el-fade&#8221;][vc_column_text]<\/p>\n<h2>Ernesto Larrese<\/h2>\n<h3><span style=\"color: #808080;\">Actor<\/span><\/h3>\n<blockquote><p>Apoyo el proyecto porque LA MADRE DE TODAS LAS BATALLAS ES LA BATALLA CULTURAL.<\/p><\/blockquote>\n<p>[\/vc_column_text][\/vc_column][vc_column width=&#8221;1\/3&#8243;][vc_single_image image=&#8221;1221&#8243; img_size=&#8221;full&#8221; alignment=&#8221;right&#8221; style=&#8221;vc_box_shadow_border&#8221; box_shadow=&#8221;zoom&#8221; animation=&#8221;animate-when-almost-visible&#8221; css_animation=&#8221;el-fade&#8221;][vc_column_text]<\/p>\n<h2>Graciela Maglie<\/h2>\n<h3><span style=\"color: #808080;\">Escritora<\/span><\/h3>\n<blockquote><p>En esta reforma de la Ley de Cine, el INCAA pasa a estar conducido por un directorio integrado por profesionales id\u00f3neos de cine y televisi\u00f3n con representantes de todas las regiones del pa\u00eds, con la inclusi\u00f3n de guionistas e impulsando la equidad de g\u00e9nero en todas sus instancias de aplicaci\u00f3n. Estos cambios permitir\u00e1n hacer realidad una administraci\u00f3n m\u00e1s democr\u00e1tica, equitativa y federal. Por eso la apoyo en todos sus t\u00e9rminos y te invito a que la conozcas y apoyes.<\/p><\/blockquote>\n<p>[\/vc_column_text][\/vc_column][vc_column width=&#8221;1\/3&#8243;][vc_single_image image=&#8221;1222&#8243; img_size=&#8221;full&#8221; alignment=&#8221;right&#8221; style=&#8221;vc_box_shadow_border&#8221; box_shadow=&#8221;zoom&#8221;][vc_column_text]<\/p>\n<h2>Gustavo Font\u00e1n<\/h2>\n<h3><span style=\"color: #808080;\">Director<\/span><\/h3>\n<blockquote><p>Los cambios enormes que ha sufrido la tecnolog\u00eda en los \u00faltimos a\u00f1os, la necesidad imperiosa de considerar y profundizar en cuestiones de g\u00e9nero, de manera org\u00e1nica y reglada, la indetenible multiplicaci\u00f3n de pantallas, entre otras cosas, exige que se renueve la Ley de Cine vigente, sin perder su esp\u00ed\u00adritu. El borrador de la nueva Ley propone cambios sustanciales que, entiendo, agilizar\u00e1n el funcionamiento del INCAA, favorecer\u00e1n la producci\u00f3n y la exhibici\u00f3n defendiendo la pluralidad, generar\u00e1 m\u00e1s recursos, profundizar\u00e1 el esp\u00edritu federal, y ampliar\u00e1 derechos. Por eso, espero con expectativa que pueda ser tratada y avance en su camino en el Congreso de la Naci\u00f3n Argentina.<\/p><\/blockquote>\n<p>[\/vc_column_text][\/vc_column][\/vc_row][vc_row full_height=&#8221;yes&#8221; text_color=&#8221;#686868&#8243; type=&#8221;image&#8221; bg_attachment=&#8221;true&#8221; padding_top=&#8221;&#8221; padding_bottom=&#8221;&#8221; overflow=&#8221;false&#8221; visibility=&#8221;visible-xs,visible-sm,visible-md,visible-lg,visible-xlg&#8221; bg_image=&#8221;40&#8243;][vc_column width=&#8221;1\/3&#8243;][vc_single_image image=&#8221;1224&#8243; img_size=&#8221;full&#8221; alignment=&#8221;right&#8221; style=&#8221;vc_box_shadow_border&#8221; box_shadow=&#8221;zoom&#8221; animation=&#8221;animate-when-almost-visible&#8221; css_animation=&#8221;el-fade&#8221;][vc_column_text]<\/p>\n<h2>Gustavo Postiglione<\/h2>\n<h3><span style=\"color: #808080;\">Director y guionista<\/span><\/h3>\n<blockquote><p>Ante el avasallamiento de las plataformas digitales sobre la producci\u00f3n y los contenidos de nuestro cine, que obturan por un lado la visibilidad de las producciones independientes y atentan contra nuestra identidad audiovisual, la reforma de la ley contempla aplicar con car\u00e1cter de obligatoriedad la extensi\u00f3n de la cuota de pantalla a los servicios de streaming, como as\u00ed tambi\u00e9n el aporte de dichas empresas al Fondo de Fomento en defensa de nuestra industria y nuestra soberan\u00eda cultural. Te pedimos que la conozcas y apoyes esta ley.<\/p><\/blockquote>\n<p>[\/vc_column_text][\/vc_column][vc_column width=&#8221;1\/3&#8243;][vc_single_image image=&#8221;1225&#8243; img_size=&#8221;full&#8221; alignment=&#8221;right&#8221; style=&#8221;vc_box_shadow_border&#8221; box_shadow=&#8221;zoom&#8221; animation=&#8221;animate-when-almost-visible&#8221; css_animation=&#8221;el-fade&#8221;][vc_column_text]<\/p>\n<h2>Irene Ickowicz<\/h2>\n<h3><span style=\"color: #808080;\">Escritora<\/span><\/h3>\n<blockquote><p>Para los y las guionistas la reforma de la ley de cine incorpora modificaciones sustanciales. Dos de sus representantes integran el Directorio del INCAA, uno del \u00e1rea del cine y otro de televisi\u00f3n y plataformas. Y el fomento al desarrollo de Proyectos de Producci\u00f3n Audiovisual Nacional, contempla uno de adjudicaci\u00f3n directa para guionistas que se presenten en concursos, con el prop\u00f3sito de financiar la escritura de guiones, etapa inicial de la cadena de producci\u00f3n. Te invitamos a que conozcas y apoyes el Anteproyecto de Ley de la producci\u00f3n y la industria audiovisual.<\/p><\/blockquote>\n<p>[\/vc_column_text][\/vc_column][vc_column width=&#8221;1\/3&#8243;][vc_single_image image=&#8221;1226&#8243; img_size=&#8221;full&#8221; alignment=&#8221;right&#8221; style=&#8221;vc_box_shadow_border&#8221; box_shadow=&#8221;zoom&#8221;][vc_column_text]<\/p>\n<h2>Juan Taratuto<\/h2>\n<h3><span style=\"color: #808080;\">Director<\/span><\/h3>\n<blockquote><p>La globalizaci\u00f3n de la ficci\u00f3n atenta contra nuestra identidad. En un mundo, donde las pantallas son cada vez m\u00e1s el \u00fanico medio de acceso, no podemos perder nuestra voz, nuestra mirada, nuestra cultura. Debemos tener salas y plataformas que ilustren a cada pa\u00eds, a cada regi\u00f3n del mundo. Aprovechemos la tecnolog\u00eda y las facilidades que permiten las OTT. La diversidad nos enriquece. Es fundamental una nueva ley acorde a las actuales formas de producci\u00f3n y visualizaci\u00f3n.<\/p><\/blockquote>\n<p>[\/vc_column_text][\/vc_column][\/vc_row][vc_row full_height=&#8221;yes&#8221; text_color=&#8221;#686868&#8243; type=&#8221;image&#8221; bg_attachment=&#8221;true&#8221; padding_top=&#8221;&#8221; padding_bottom=&#8221;&#8221; overflow=&#8221;false&#8221; visibility=&#8221;visible-xs,visible-sm,visible-md,visible-lg,visible-xlg&#8221; bg_image=&#8221;40&#8243;][vc_column width=&#8221;1\/3&#8243;][vc_single_image image=&#8221;1228&#8243; img_size=&#8221;full&#8221; alignment=&#8221;right&#8221; style=&#8221;vc_box_shadow_border&#8221; box_shadow=&#8221;zoom&#8221; animation=&#8221;animate-when-almost-visible&#8221; css_animation=&#8221;el-fade&#8221;][vc_column_text]<\/p>\n<h2>Lita Stantic<\/h2>\n<h3><span style=\"color: #808080;\">Directora<\/span><\/h3>\n<blockquote><p>Adhiero al Anteproyecto de Ley Audiovisual que reemplaza a la ley 17.741 y sus modificatorias, fundamentalmente porque contempla los cambios tecnol\u00f3gicos y culturales que se produjeron en los \u00faltimos 30 a\u00f1os.<\/p><\/blockquote>\n<p>[\/vc_column_text][\/vc_column][vc_column width=&#8221;1\/3&#8243;][vc_single_image image=&#8221;1229&#8243; img_size=&#8221;full&#8221; alignment=&#8221;right&#8221; style=&#8221;vc_box_shadow_border&#8221; box_shadow=&#8221;zoom&#8221; animation=&#8221;animate-when-almost-visible&#8221; css_animation=&#8221;el-fade&#8221;][vc_column_text]<\/p>\n<h2>Lorena Mu\u00f1oz<\/h2>\n<h3><span style=\"color: #808080;\">Directora<\/span><\/h3>\n<blockquote><p>El cine y el audiovisual en general requieren de tiempos prolongados para su realizaci\u00f3n, por lo que la previsibi\u00adlidad de los recursos es fundamental. La reforma de la ley incorpora un Plan Nacional de Fomento que debe aprobarse el 30 de septiembre de cada a\u00f1o, lo que posibilita la planificaci\u00f3n del a\u00f1o siguiente, en consonancia con el presupuesto y los recursos disponibles. Esta es una de las propuestas del Anteproyecto de Ley de la producci\u00f3n y la industria audiovisual y te invitamos a que la conozcas y la apoyes.<\/p><\/blockquote>\n<p>[\/vc_column_text][\/vc_column][vc_column width=&#8221;1\/3&#8243;][vc_single_image image=&#8221;1192&#8243; img_size=&#8221;full&#8221; alignment=&#8221;right&#8221; style=&#8221;vc_box_shadow_border&#8221; box_shadow=&#8221;zoom&#8221;][vc_column_text]<\/p>\n<h2>Norma Aleandro<\/h2>\n<h3><span style=\"color: #808080;\">Actriz<\/span><\/h3>\n<blockquote><p>El fondo de fomento prev\u00e9 la creaci\u00f3n y sost\u00e9n de recursos espec\u00edficos para las producciones audiovisuales nacionales de directora y diversidades a fin de avanzar hacia la equidad de una sociedad m\u00e1s justa.<\/p><\/blockquote>\n<p>[\/vc_column_text][\/vc_column][\/vc_row][vc_row full_height=&#8221;yes&#8221; text_color=&#8221;#686868&#8243; type=&#8221;image&#8221; bg_attachment=&#8221;true&#8221; padding_top=&#8221;&#8221; padding_bottom=&#8221;&#8221; overflow=&#8221;false&#8221; visibility=&#8221;visible-xs,visible-sm,visible-md,visible-lg,visible-xlg&#8221; bg_image=&#8221;40&#8243;][vc_column width=&#8221;1\/3&#8243;][vc_single_image image=&#8221;1232&#8243; img_size=&#8221;full&#8221; alignment=&#8221;right&#8221; style=&#8221;vc_box_shadow_border&#8221; box_shadow=&#8221;zoom&#8221; animation=&#8221;animate-when-almost-visible&#8221; css_animation=&#8221;el-fade&#8221;][vc_column_text]<\/p>\n<h2>Romina Escobar<\/h2>\n<h3><span style=\"color: #808080;\">Actriz<\/span><\/h3>\n<blockquote><p>Como la mayor\u00eda de las leyes que re\u00adgulan el audiovisual en el mundo, esta reforma de la ley de cine incorpora como uno de sus ejes la perspectiva de g\u00e9nero. Entre otras medidas, el Fondo de Fomento prev\u00e9 la creaci\u00f3n y sost\u00e9n de recursos espec\u00edficos para las producciones audiovisuales nacionales de directoras y diversidades, a fin de avan\u00adzar hacia la equidad en una sociedad m\u00e1s justa.<\/p><\/blockquote>\n<p>[\/vc_column_text][\/vc_column][vc_column width=&#8221;1\/3&#8243;][vc_single_image image=&#8221;1233&#8243; img_size=&#8221;full&#8221; alignment=&#8221;right&#8221; style=&#8221;vc_box_shadow_border&#8221; box_shadow=&#8221;zoom&#8221; animation=&#8221;animate-when-almost-visible&#8221; css_animation=&#8221;el-fade&#8221;][vc_column_text]<\/p>\n<h2>Sebasti\u00e1n Pivotto<\/h2>\n<h3><span style=\"color: #808080;\">Director<\/span><\/h3>\n<blockquote><p>As\u00ed como la pluralidad de opiniones es esencial para una Democracia; la pluralidad de miradas, registros, m\u00fasica y voces es esencial para nuestra Cultura. Con el fin de seguir enriqueciendo y fortaleciendo nuestra identidad audiovisual conozca y apoye el sistema de fomento del Anteproyecto de Ley.<\/p><\/blockquote>\n<p>[\/vc_column_text][\/vc_column][vc_column width=&#8221;1\/3&#8243;][vc_single_image image=&#8221;1234&#8243; img_size=&#8221;full&#8221; alignment=&#8221;right&#8221; style=&#8221;vc_box_shadow_border&#8221; box_shadow=&#8221;zoom&#8221;][vc_column_text]<\/p>\n<h2>In\u00e9s de Oliveira C\u00e9zar<\/h2>\n<h3><span style=\"color: #808080;\">Directora<\/span><\/h3>\n<blockquote><p>Es imprescindible sostener y estimular el fomento a la producci\u00f3n audiovisual nacional. Esta nueva ley es virtuosa porque permite un crecimiento para el sector, para la sociedad y para la Naci\u00f3n. Es ahora.<\/p><\/blockquote>\n<p>[\/vc_column_text][\/vc_column][\/vc_row][vc_row full_height=&#8221;yes&#8221; text_color=&#8221;#686868&#8243; type=&#8221;image&#8221; bg_attachment=&#8221;true&#8221; padding_top=&#8221;&#8221; padding_bottom=&#8221;&#8221; overflow=&#8221;false&#8221; visibility=&#8221;visible-xs,visible-sm,visible-md,visible-lg,visible-xlg&#8221; bg_image=&#8221;40&#8243;][vc_column width=&#8221;1\/3&#8243;][vc_single_image image=&#8221;1236&#8243; img_size=&#8221;full&#8221; alignment=&#8221;right&#8221; style=&#8221;vc_box_shadow_border&#8221; box_shadow=&#8221;zoom&#8221; animation=&#8221;animate-when-almost-visible&#8221; css_animation=&#8221;el-fade&#8221;][vc_column_text]<\/p>\n<h2>Marcelo Pi\u00f1eyro<\/h2>\n<h3><span style=\"color: #808080;\">Director<\/span><\/h3>\n<blockquote><p>En esta reforma de la ley de cine, el INCAA pasa a estar conducido por un directorio integrado por profesionales id\u00f3neos de cine y televisi\u00f3n, con representantes de todas las regiones del pa\u00eds y respetando la equidad de g\u00e9nero. Este cambio permitir\u00e1 hacer realidad una administraci\u00f3n m\u00e1s democr\u00e1tica, equitativa y federal. Por eso te invito a que conozcas y apoyes el Anteproyecto de ley de la producci\u00f3n y la industria audiovisual.<\/p><\/blockquote>\n<p>[\/vc_column_text][\/vc_column][vc_column width=&#8221;1\/3&#8243;][\/vc_column][vc_column width=&#8221;1\/3&#8243;][\/vc_column][\/vc_row]<\/p>\n<\/section>","protected":false},"excerpt":{"rendered":"<p>[vc_row text_align=&#8221;center&#8221; text_color=&#8221;#686868&#8243; type=&#8221;image&#8221; bg_attachment=&#8221;true&#8221; padding_top=&#8221;&#8221; padding_bottom=&#8221;&#8221; overflow=&#8221;false&#8221; visibility=&#8221;visible-xs,visible-sm,visible-md,visible-lg,visible-xlg&#8221; bg_image=&#8221;40&#8243;][vc_column][vc_column_text] Apoyos [\/vc_column_text][\/vc_column][\/vc_row][vc_row full_height=&#8221;yes&#8221; text_color=&#8221;#686868&#8243; type=&#8221;image&#8221; bg_attachment=&#8221;true&#8221; padding_top=&#8221;&#8221; padding_bottom=&#8221;&#8221; overflow=&#8221;false&#8221; visibility=&#8221;visible-xs,visible-sm,visible-md,visible-lg,visible-xlg&#8221; bg_image=&#8221;40&#8243;][vc_column width=&#8221;1\/3&#8243;][vc_single_image image=&#8221;1171&#8243; img_size=&#8221;full&#8221; alignment=&#8221;right&#8221; style=&#8221;vc_box_shadow_border&#8221; box_shadow=&#8221;zoom&#8221; animation=&#8221;animate-when-almost-visible&#8221; css_animation=&#8221;el-fade&#8221;][vc_column_text] Adolfo Aristarain \u00a0Director Los electores suizos aprobaron en una consulta popular que las plataformas de streaming deben invertir en la producci\u00f3n audiovisual nacional. Seg\u00fan los resultados definitivos, el 58,42 % vot\u00f3 [&hellip;]<\/p>\n","protected":false},"author":1,"featured_media":0,"parent":0,"menu_order":0,"comment_status":"closed","ping_status":"closed","template":"","meta":{"footnotes":""},"class_list":["post-63","page","type-page","status-publish","hentry"],"_links":{"self":[{"href":"https:\/\/pre.espacioaudiovisualnacional.org\/ean2023\/wp-json\/wp\/v2\/pages\/63","targetHints":{"allow":["GET"]}}],"collection":[{"href":"https:\/\/pre.espacioaudiovisualnacional.org\/ean2023\/wp-json\/wp\/v2\/pages"}],"about":[{"href":"https:\/\/pre.espacioaudiovisualnacional.org\/ean2023\/wp-json\/wp\/v2\/types\/page"}],"author":[{"embeddable":true,"href":"https:\/\/pre.espacioaudiovisualnacional.org\/ean2023\/wp-json\/wp\/v2\/users\/1"}],"replies":[{"embeddable":true,"href":"https:\/\/pre.espacioaudiovisualnacional.org\/ean2023\/wp-json\/wp\/v2\/comments?post=63"}],"version-history":[{"count":35,"href":"https:\/\/pre.espacioaudiovisualnacional.org\/ean2023\/wp-json\/wp\/v2\/pages\/63\/revisions"}],"predecessor-version":[{"id":1237,"href":"https:\/\/pre.espacioaudiovisualnacional.org\/ean2023\/wp-json\/wp\/v2\/pages\/63\/revisions\/1237"}],"wp:attachment":[{"href":"https:\/\/pre.espacioaudiovisualnacional.org\/ean2023\/wp-json\/wp\/v2\/media?parent=63"}],"curies":[{"name":"wp","href":"https:\/\/api.w.org\/{rel}","templated":true}]}}