{"id":1534,"date":"2023-06-16T12:44:09","date_gmt":"2023-06-16T15:44:09","guid":{"rendered":"https:\/\/espacioaudiovisualnacional.org\/?page_id=1534"},"modified":"2023-07-27T21:40:09","modified_gmt":"2023-07-28T00:40:09","slug":"1534-2","status":"publish","type":"page","link":"https:\/\/pre.espacioaudiovisualnacional.org\/ean2023\/","title":{"rendered":""},"content":{"rendered":"<section class=\"wpb-content-wrapper\"><p>[vc_row full_height=&#8221;yes&#8221; text_align=&#8221;center&#8221; text_color=&#8221;#ffffff&#8221; type=&#8221;image&#8221; bg_position_horizontal=&#8221;center&#8221; bg_attachment=&#8221;true&#8221; padding_top=&#8221;&#8221; padding_bottom=&#8221;20&#8243; overflow=&#8221;false&#8221; visibility=&#8221;hidden-xs,hidden-sm&#8221; bg_image=&#8221;1546&#8243;][vc_column css=&#8221;.vc_custom_1690502724727{border-right-width: 20px !important;border-left-width: 20px !important;}&#8221;][vc_column_text text_color=&#8221;#ffffff&#8221; animation=&#8221;animate-when-almost-visible&#8221; css_animation=&#8221;el-fade&#8221; css=&#8221;.vc_custom_1690504806715{padding-top: 20px !important;padding-right: 40px !important;padding-bottom: 20px !important;padding-left: 40px !important;}&#8221;]<\/p>\n<p style=\"text-align: left;\"><span style=\"color: #ffffff;\"><a style=\"color: #ffffff;\" href=\"https:\/\/pre.espacioaudiovisualnacional.org\/ean2023\/presentacion-del-proyecto-de-ley-federal-para-la-produccion-y-la-industria-audiovisual\/\"><strong>EVENTO ESPECIAL<br \/>\nMI\u00c9RCOLES 02 DE AGOSTO DE 10 HS. A 13 HS.<br \/>\nCENTRO CULTURAL KIRCHNER<\/strong><\/a><\/span><\/p>\n<h1 style=\"text-align: left;\"><a href=\"https:\/\/pre.espacioaudiovisualnacional.org\/ean2023\/presentacion-del-proyecto-de-ley-federal-para-la-produccion-y-la-industria-audiovisual\/\"><strong>Presentaci\u00f3n del Proyecto de Ley Federal<br \/>\npara la Producci\u00f3n y la Industria Audiovisual<\/strong><\/a><\/h1>\n<p>[\/vc_column_text][vc_btn title=&#8221;VER M\u00c1S&#8221; color=&#8221;info&#8221; size=&#8221;lg&#8221; align=&#8221;center&#8221; link=&#8221;url:https%3A%2F%2Fpre.espacioaudiovisualnacional.org%2Fean2023%2Fpresentacion-del-proyecto-de-ley-federal-para-la-produccion-y-la-industria-audiovisual%2F|target:_blank&#8221;][\/vc_column][\/vc_row][vc_row content_placement=&#8221;middle&#8221; inner_container=&#8221;no&#8221; text_align=&#8221;center&#8221; text_color=&#8221;#ffffff&#8221; type=&#8221;image&#8221; bg_position=&#8221;center&#8221; bg_position_horizontal=&#8221;center&#8221; bg_cover=&#8221;false&#8221; bg_attachment=&#8221;true&#8221; vertical_align=&#8221;yes&#8221; column_gap=&#8221;no&#8221; padding_top=&#8221;&#8221; padding_bottom=&#8221;20&#8243; overflow=&#8221;false&#8221; visibility=&#8221;hidden-md,hidden-lg,hidden-xlg,visible-xs,visible-sm&#8221; bg_image=&#8221;1548&#8243;][vc_column width=&#8221;1\/6&#8243;][\/vc_column][vc_column width=&#8221;2\/3&#8243;][vc_column_text text_color=&#8221;#ffffff&#8221; animation=&#8221;animate-when-almost-visible&#8221; css_animation=&#8221;el-fade&#8221; css=&#8221;.vc_custom_1686937640136{padding-top: 20px !important;padding-right: 40px !important;padding-bottom: 20px !important;padding-left: 40px !important;}&#8221;]<\/p>\n<h4 style=\"text-align: left;\">DEBATES<br \/>\nART\u00cdCULOS<\/h4>\n<h1 style=\"text-align: left;\">\u00bfPor qu\u00e9 es necesario reformar la Ley de Cine?<\/h1>\n<h1 style=\"text-align: left;\">Por el Dr. Julio Raffo<\/h1>\n<p>[\/vc_column_text][vc_btn title=&#8221;LEER AQU\u00cd&#8221; color=&#8221;info&#8221; size=&#8221;lg&#8221; align=&#8221;center&#8221; link=&#8221;url:https%3A%2F%2Fespacioaudiovisualnacional.org%2Fpor-que-es-necesario-reformar-la-ley-de-cine%2F|title:%C2%BFPor%20qu%C3%A9%20es%20necesario%20reformar%20la%20Ley%20de%20Cine%3F&#8221;][\/vc_column][vc_column width=&#8221;1\/6&#8243;][\/vc_column][\/vc_row][vc_row text_align=&#8221;center&#8221; type=&#8221;image&#8221; bg_attachment=&#8221;true&#8221; overflow=&#8221;false&#8221; visibility=&#8221;visible-xs,visible-sm,visible-md,visible-lg,visible-xlg&#8221; bg_image=&#8221;40&#8243;][vc_column width=&#8221;1\/3&#8243;][vc_single_image image=&#8221;41&#8243; alignment=&#8221;center&#8221; onclick=&#8221;custom_link&#8221; animation=&#8221;animate-when-almost-visible&#8221; css_animation=&#8221;el-appear&#8221; link=&#8221;https:\/\/espacioaudiovisualnacional.org\/wp-content\/uploads\/2023\/03\/Proyecto_de_Ley_Federal_para_la_Produccion_y_la_Industria_AudiovisualV6-1.pdf&#8221;][vc_column_text animation=&#8221;animate-when-almost-visible&#8221; css_animation=&#8221;el-fade&#8221;]<\/p>\n<h2 style=\"text-align: center;\"><span style=\"color: #333333;\"><a style=\"color: #333333;\" href=\"https:\/\/espacioaudiovisualnacional.org\/wp-content\/uploads\/2023\/03\/Proyecto_de_Ley_Federal_para_la_Produccion_y_la_Industria_AudiovisualV6-1.pdf\">Ver Proyecto de Ley<\/a><\/span><\/h2>\n<h2 style=\"text-align: center;\"><a href=\"https:\/\/espacioaudiovisualnacional.org\/wp-content\/uploads\/2023\/03\/Proyecto_de_Ley_Federal_para_la_Produccion_y_la_Industria_AudiovisualV6-1.pdf\"><span style=\"color: #808080;\">V 6.0<\/span><\/a><\/h2>\n<p>[\/vc_column_text][\/vc_column][vc_column width=&#8221;1\/3&#8243;][vc_single_image image=&#8221;44&#8243; alignment=&#8221;center&#8221; onclick=&#8221;custom_link&#8221; animation=&#8221;animate-when-almost-visible&#8221; css_animation=&#8221;el-fade&#8221; link=&#8221;https:\/\/www4.hcdn.gob.ar\/dependencias\/dsecretaria\/Periodo2022\/PDF2022\/TP2022\/6716-D-2022.pdf&#8221;][vc_column_text animation=&#8221;animate-when-almost-visible&#8221; css_animation=&#8221;el-fade&#8221;]<\/p>\n<h2 style=\"text-align: center;\"><span style=\"color: #333333;\"><a style=\"color: #333333;\" href=\"https:\/\/www4.hcdn.gob.ar\/dependencias\/dsecretaria\/Periodo2022\/PDF2022\/TP2022\/6716-D-2022.pdf\">Ver Proyecto de Ley en la HDCN<\/a><\/span><\/h2>\n<h2 style=\"text-align: center;\"><a href=\"https:\/\/www4.hcdn.gob.ar\/dependencias\/dsecretaria\/Periodo2022\/PDF2022\/TP2022\/6716-D-2022.pdf\"><span style=\"color: #808080;\">Expediente 6716 D 2022<\/span><\/a><\/h2>\n<p>[\/vc_column_text][\/vc_column][vc_column width=&#8221;1\/3&#8243;][vc_single_image image=&#8221;47&#8243; alignment=&#8221;center&#8221; onclick=&#8221;custom_link&#8221; animation=&#8221;animate-when-almost-visible&#8221; css_animation=&#8221;el-fade&#8221; link=&#8221;https:\/\/espacioaudiovisualnacional.org\/institucional\/&#8221;][vc_column_text animation=&#8221;animate-when-almost-visible&#8221; css_animation=&#8221;el-fade&#8221;]<\/p>\n<h2 style=\"text-align: center;\"><a href=\"https:\/\/espacioaudiovisualnacional.org\/institucional\/\">Ver presentaci\u00f3n<\/a><\/h2>\n<h2 style=\"text-align: center;\"><a href=\"https:\/\/espacioaudiovisualnacional.org\/institucional\/\"><span style=\"color: #808080;\">Notas y videos<\/span><\/a><\/h2>\n<p>[\/vc_column_text][\/vc_column][\/vc_row][vc_row gap=&#8221;20&#8243; text_align=&#8221;center&#8221; type=&#8221;image&#8221; bg_attachment=&#8221;true&#8221; padding_top=&#8221;&#8221; padding_bottom=&#8221;&#8221; overflow=&#8221;false&#8221; visibility=&#8221;visible-xs,visible-sm,visible-md,visible-lg,visible-xlg&#8221; bg_image=&#8221;40&#8243;][vc_column]\n\t<div  class=\"hr-title hr-full hr-center\" style=\"\"><abbr><i class=\"icon-down-open\"><\/i> <\/abbr><\/div>[\/vc_column][\/vc_row][vc_row text_align=&#8221;center&#8221; type=&#8221;image&#8221; bg_attachment=&#8221;true&#8221; padding_top=&#8221;&#8221; padding_bottom=&#8221;&#8221; overflow=&#8221;false&#8221; visibility=&#8221;visible-xs,visible-sm,visible-md,visible-lg,visible-xlg&#8221; bg_image=&#8221;40&#8243;][vc_column][vc_column_text text_color=&#8221;#727272&#8243; animation=&#8221;animate-when-almost-visible&#8221; css_animation=&#8221;el-fade&#8221;]<\/p>\n<h1 style=\"text-align: center;\"><span style=\"color: #333333;\">Novedades<\/span><\/h1>\n<p>[\/vc_column_text]\n\t<div class=\"sq-posts-data\" style=\"display: none;\"><input type=\"hidden\" id=\"post-security\" name=\"post-security\" value=\"9a0b5470df\" \/><input type=\"hidden\" name=\"_wp_http_referer\" value=\"\/ean2023\/wp-json\/wp\/v2\/pages\/1534\" \/><input type=\"hidden\" name=\"pitem\" value=\"0\"><input type=\"hidden\" name=\"post_id\" value=\"1534\"><\/div>\n\t\n\t\n\t\t<div class=\"posts-listing responsive-cols kleo-masonry per-row-3 no-meta no-footer no-excerpt masonry-listing\">\n\n\t\n\t\n<article id=\"post-1335\" class=\"post-item post-1335 post type-post status-publish format-standard hentry category-destacada\">\n    <div class=\"post-content animated animate-when-almost-visible el-appear\">\n\n\t\t<div class=\"post-image\"><a href=\"https:\/\/pre.espacioaudiovisualnacional.org\/ean2023\/presentacion-del-proyecto-de-ley-federal-para-la-produccion-y-la-industria-audiovisual\/\" class=\"element-wrap\"><img decoding=\"async\" src=\"https:\/\/pre.espacioaudiovisualnacional.org\/ean2023\/wp-content\/uploads\/2023\/07\/Gabriela-PedraliEAN-CCK.jpg\" alt=\"PRESENTACI\u00d3N DEL PROYECTO DE LEY FEDERAL PARA LA PRODUCCI\u00d3N Y LA INDUSTRIA AUDIOVISUAL\"><span class=\"hover-element\"><i>+<\/i><\/span><\/a><\/div><!--end post-image-->\n\t\t\n            <div class=\"post-header\">\n\n\t\t\t\t                    <h3 class=\"post-title entry-title\"><a href=\"https:\/\/pre.espacioaudiovisualnacional.org\/ean2023\/presentacion-del-proyecto-de-ley-federal-para-la-produccion-y-la-industria-audiovisual\/\">PRESENTACI\u00d3N DEL PROYECTO DE LEY FEDERAL PARA LA PRODUCCI\u00d3N Y LA INDUSTRIA AUDIOVISUAL<\/a>\n                    <\/h3>\n\t\t\t\t\n                <span class=\"post-meta\">\n                    <small class=\"meta-author author vcard\"><a class=\"url fn n\" href=\"https:\/\/pre.espacioaudiovisualnacional.org\/ean2023\/author\/ean\/\" title=\"View all POSTS by EAN\" rel=\"author\"> <span class=\"author-name\">EAN<\/span><\/a><\/small>, <small><a href=\"https:\/\/pre.espacioaudiovisualnacional.org\/ean2023\/presentacion-del-proyecto-de-ley-federal-para-la-produccion-y-la-industria-audiovisual\/\" rel=\"bookmark\" class=\"post-time\"><time class=\"entry-date\" datetime=\"2023-07-27T17:22:05-03:00\">27\/07\/2023<\/time><time class=\"modify-date hide hidden updated\" datetime=\"2023-07-27T22:16:39-03:00\">27\/07\/2023<\/time><\/a><\/small>, <small class=\"meta-category\"><a href=\"https:\/\/pre.espacioaudiovisualnacional.org\/ean2023\/category\/destacada\/\" rel=\"category tag\">Destacada<\/a><\/small>, <small class=\"meta-comment-count\"><a href=\"https:\/\/pre.espacioaudiovisualnacional.org\/ean2023\/presentacion-del-proyecto-de-ley-federal-para-la-produccion-y-la-industria-audiovisual\/#comments\">0 <i class=\"icon-chat-1 hover-tip\" data-original-title=\"This article has 0 comments\" data-toggle=\"tooltip\" data-placement=\"top\"><\/i><\/a><\/small>                <\/span>\n\n            <\/div><!--end post-header-->\n\n\t\t\t\n\t\t\t\t                    <div class=\"post-info\">\n\n                        <div class=\"entry-summary\">\n\t\t\t\t\t\t\t<p>EVENTO ESPECIAL: MI\u00c9RCOLES 02 DE AGOSTO DE 10HS A 13HS CENTRO CULTURAL KIRCHNER, CCK. Sal\u00f3n Federal. Ingreso por Calle...<\/p>                        <\/div><!-- .entry-summary -->\n\n                    <\/div><!--end post-info-->\n\t\t\t\t\n\t\t\t\n\t\t\n        <div class=\"post-footer\">\n            <small>\n\t\t\t\t<a href=\"#\" class=\"item-likes\" id=\"item-likes-1335\" title=\"Dale like\"><span class=\"item-likes-count\">0<\/span> <span class=\"item-likes-postfix\">likes<\/span><\/a>\n\t\t\t\t                    <a href=\"https:\/\/pre.espacioaudiovisualnacional.org\/ean2023\/presentacion-del-proyecto-de-ley-federal-para-la-produccion-y-la-industria-audiovisual\/\"><span class=\"muted pull-right\">\n\t\t\t\t\t\tRead more<\/span>\n                    <\/a>\n\t\t\t\t\n            <\/small>\n        <\/div><!--end post-footer-->\n\n    <\/div><!--end post-content-->\n<\/article>\n\n\n<article id=\"post-728\" class=\"post-item post-728 post type-post status-publish format-standard has-post-thumbnail hentry category-destacada\">\n    <div class=\"post-content animated animate-when-almost-visible el-appear\">\n\n\t\t<div class=\"post-image\"><a href=\"https:\/\/pre.espacioaudiovisualnacional.org\/ean2023\/ingreso-al-congreso-de-la-nacion-el-proyecto-de-ley-federal-para-la-produccion-y-la-industria-audiovisual\/\" class=\"element-wrap\"><img decoding=\"async\" src=\"http:\/\/noticias.espacioaudiovisualnacional.org\/wp-content\/uploads\/2022\/12\/EAN22ADP_02538_R_960.jpg\" alt=\"INGRES\u00d3 AL CONGRESO DE LA NACI\u00d3N EL PROYECTO DE LEY FEDERAL PARA LA PRODUCCI\u00d3N Y LA INDUSTRIA AUDIOVISUAL\"><span class=\"hover-element\"><i>+<\/i><\/span><\/a><\/div><!--end post-image-->\n\t\t\n            <div class=\"post-header\">\n\n\t\t\t\t                    <h3 class=\"post-title entry-title\"><a href=\"https:\/\/pre.espacioaudiovisualnacional.org\/ean2023\/ingreso-al-congreso-de-la-nacion-el-proyecto-de-ley-federal-para-la-produccion-y-la-industria-audiovisual\/\">INGRES\u00d3 AL CONGRESO DE LA NACI\u00d3N EL PROYECTO DE LEY FEDERAL PARA LA PRODUCCI\u00d3N Y LA INDUSTRIA AUDIOVISUAL<\/a>\n                    <\/h3>\n\t\t\t\t\n                <span class=\"post-meta\">\n                    <small class=\"meta-author author vcard\"><a class=\"url fn n\" href=\"https:\/\/pre.espacioaudiovisualnacional.org\/ean2023\/author\/ean\/\" title=\"View all POSTS by EAN\" rel=\"author\"> <span class=\"author-name\">EAN<\/span><\/a><\/small>, <small><a href=\"https:\/\/pre.espacioaudiovisualnacional.org\/ean2023\/ingreso-al-congreso-de-la-nacion-el-proyecto-de-ley-federal-para-la-produccion-y-la-industria-audiovisual\/\" rel=\"bookmark\" class=\"post-time\"><time class=\"entry-date\" datetime=\"2022-12-22T15:33:00-03:00\">22\/12\/2022<\/time><time class=\"modify-date hide hidden updated\" datetime=\"2023-03-16T11:32:52-03:00\">16\/03\/2023<\/time><\/a><\/small>, <small class=\"meta-category\"><a href=\"https:\/\/pre.espacioaudiovisualnacional.org\/ean2023\/category\/destacada\/\" rel=\"category tag\">Destacada<\/a><\/small>, <small class=\"meta-comment-count\"><a href=\"https:\/\/pre.espacioaudiovisualnacional.org\/ean2023\/ingreso-al-congreso-de-la-nacion-el-proyecto-de-ley-federal-para-la-produccion-y-la-industria-audiovisual\/#comments\">0 <i class=\"icon-chat-1 hover-tip\" data-original-title=\"This article has 0 comments\" data-toggle=\"tooltip\" data-placement=\"top\"><\/i><\/a><\/small>                <\/span>\n\n            <\/div><!--end post-header-->\n\n\t\t\t\n\t\t\t\t                    <div class=\"post-info\">\n\n                        <div class=\"entry-summary\">\n\t\t\t\t\t\t\t<p>Bajo la iniciativa de Gabriela Pedrali - Diputada Nacional del Frente de Todos por La Rioja y, como legisladora...<\/p>                        <\/div><!-- .entry-summary -->\n\n                    <\/div><!--end post-info-->\n\t\t\t\t\n\t\t\t\n\t\t\n        <div class=\"post-footer\">\n            <small>\n\t\t\t\t<a href=\"#\" class=\"item-likes\" id=\"item-likes-728\" title=\"Dale like\"><span class=\"item-likes-count\">0<\/span> <span class=\"item-likes-postfix\">likes<\/span><\/a>\n\t\t\t\t                    <a href=\"https:\/\/pre.espacioaudiovisualnacional.org\/ean2023\/ingreso-al-congreso-de-la-nacion-el-proyecto-de-ley-federal-para-la-produccion-y-la-industria-audiovisual\/\"><span class=\"muted pull-right\">\n\t\t\t\t\t\tRead more<\/span>\n                    <\/a>\n\t\t\t\t\n            <\/small>\n        <\/div><!--end post-footer-->\n\n    <\/div><!--end post-content-->\n<\/article>\n\n\n<article id=\"post-701\" class=\"post-item post-701 post type-post status-publish format-standard has-post-thumbnail hentry category-destacada\">\n    <div class=\"post-content animated animate-when-almost-visible el-appear\">\n\n\t\t<div class=\"post-image\"><a href=\"https:\/\/pre.espacioaudiovisualnacional.org\/ean2023\/el-presidente-del-bloque-del-frente-de-todos-en-diputados-german-martinez-y-la-diputada-nacional-gabriela-pedrali-visitaron-al-ean-en-su-sede\/\" class=\"element-wrap\"><img loading=\"lazy\" decoding=\"async\" width=\"480\" height=\"270\" src=\"https:\/\/pre.espacioaudiovisualnacional.org\/ean2023\/wp-content\/uploads\/2022\/12\/EAN22DMA_03221_RW960-480x270.jpg\" class=\"attachment-kleo-post-grid size-kleo-post-grid wp-post-image\" alt=\"\" srcset=\"https:\/\/pre.espacioaudiovisualnacional.org\/ean2023\/wp-content\/uploads\/2022\/12\/EAN22DMA_03221_RW960-480x270.jpg 480w, https:\/\/pre.espacioaudiovisualnacional.org\/ean2023\/wp-content\/uploads\/2022\/12\/EAN22DMA_03221_RW960-300x169.jpg 300w, https:\/\/pre.espacioaudiovisualnacional.org\/ean2023\/wp-content\/uploads\/2022\/12\/EAN22DMA_03221_RW960-768x432.jpg 768w, https:\/\/pre.espacioaudiovisualnacional.org\/ean2023\/wp-content\/uploads\/2022\/12\/EAN22DMA_03221_RW960-672x378.jpg 672w, https:\/\/pre.espacioaudiovisualnacional.org\/ean2023\/wp-content\/uploads\/2022\/12\/EAN22DMA_03221_RW960.jpg 960w\" sizes=\"auto, (max-width: 480px) 100vw, 480px\" \/><span class=\"hover-element\"><i>+<\/i><\/span><\/a><\/div><!--end post-image-->\n\t\t\n            <div class=\"post-header\">\n\n\t\t\t\t                    <h3 class=\"post-title entry-title\"><a href=\"https:\/\/pre.espacioaudiovisualnacional.org\/ean2023\/el-presidente-del-bloque-del-frente-de-todos-en-diputados-german-martinez-y-la-diputada-nacional-gabriela-pedrali-visitaron-al-ean-en-su-sede\/\">EL PRESIDENTE DEL BLOQUE DEL FRENTE DE TODOS EN DIPUTADOS, GERM\u00c1N MART\u00cdNEZ, Y LA DIPUTADA NACIONAL GABRIELA PEDRALI  VISITARON AL EAN EN SU SEDE<\/a>\n                    <\/h3>\n\t\t\t\t\n                <span class=\"post-meta\">\n                    <small class=\"meta-author author vcard\"><a class=\"url fn n\" href=\"https:\/\/pre.espacioaudiovisualnacional.org\/ean2023\/author\/ean\/\" title=\"View all POSTS by EAN\" rel=\"author\"> <span class=\"author-name\">EAN<\/span><\/a><\/small>, <small><a href=\"https:\/\/pre.espacioaudiovisualnacional.org\/ean2023\/el-presidente-del-bloque-del-frente-de-todos-en-diputados-german-martinez-y-la-diputada-nacional-gabriela-pedrali-visitaron-al-ean-en-su-sede\/\" rel=\"bookmark\" class=\"post-time\"><time class=\"entry-date\" datetime=\"2022-12-22T11:13:00-03:00\">22\/12\/2022<\/time><time class=\"modify-date hide hidden updated\" datetime=\"2023-03-07T13:15:16-03:00\">07\/03\/2023<\/time><\/a><\/small>, <small class=\"meta-category\"><a href=\"https:\/\/pre.espacioaudiovisualnacional.org\/ean2023\/category\/destacada\/\" rel=\"category tag\">Destacada<\/a><\/small>, <small class=\"meta-comment-count\"><a href=\"https:\/\/pre.espacioaudiovisualnacional.org\/ean2023\/el-presidente-del-bloque-del-frente-de-todos-en-diputados-german-martinez-y-la-diputada-nacional-gabriela-pedrali-visitaron-al-ean-en-su-sede\/#comments\">0 <i class=\"icon-chat-1 hover-tip\" data-original-title=\"This article has 0 comments\" data-toggle=\"tooltip\" data-placement=\"top\"><\/i><\/a><\/small>                <\/span>\n\n            <\/div><!--end post-header-->\n\n\t\t\t\n\t\t\t\t                    <div class=\"post-info\">\n\n                        <div class=\"entry-summary\">\n\t\t\t\t\t\t\t<p>Analizaron junto al EAN los aspectos m\u00e1s importantes del Proyecto de Ley Federal para la Produccion y la Industria...<\/p>                        <\/div><!-- .entry-summary -->\n\n                    <\/div><!--end post-info-->\n\t\t\t\t\n\t\t\t\n\t\t\n        <div class=\"post-footer\">\n            <small>\n\t\t\t\t<a href=\"#\" class=\"item-likes\" id=\"item-likes-701\" title=\"Dale like\"><span class=\"item-likes-count\">0<\/span> <span class=\"item-likes-postfix\">likes<\/span><\/a>\n\t\t\t\t                    <a href=\"https:\/\/pre.espacioaudiovisualnacional.org\/ean2023\/el-presidente-del-bloque-del-frente-de-todos-en-diputados-german-martinez-y-la-diputada-nacional-gabriela-pedrali-visitaron-al-ean-en-su-sede\/\"><span class=\"muted pull-right\">\n\t\t\t\t\t\tRead more<\/span>\n                    <\/a>\n\t\t\t\t\n            <\/small>\n        <\/div><!--end post-footer-->\n\n    <\/div><!--end post-content-->\n<\/article>\n\n\n\t<\/div> <!-- END post listing -->\n\n\t\n[\/vc_column][\/vc_row][vc_row text_align=&#8221;center&#8221; type=&#8221;image&#8221; bg_attachment=&#8221;true&#8221; padding_bottom=&#8221;&#8221; overflow=&#8221;false&#8221; visibility=&#8221;visible-xs,visible-sm,visible-md,visible-lg,visible-xlg&#8221; bg_image=&#8221;40&#8243;][vc_column][vc_btn title=&#8221;Ver m\u00e1s novedades&#8221; color=&#8221;primary&#8221; size=&#8221;lg&#8221; css_animation=&#8221;fadeIn&#8221; link=&#8221;url:https%3A%2F%2Fespacioaudiovisualnacional.org%2Fnoticias%2F|title:Ver%20m%C3%A1s%20novedades&#8221;][\/vc_column][\/vc_row][vc_row gap=&#8221;20&#8243; text_align=&#8221;center&#8221; type=&#8221;image&#8221; bg_attachment=&#8221;true&#8221; padding_top=&#8221;&#8221; padding_bottom=&#8221;&#8221; overflow=&#8221;false&#8221; visibility=&#8221;visible-xs,visible-sm,visible-md,visible-lg,visible-xlg&#8221; bg_image=&#8221;40&#8243;][vc_column]\n\t<div  class=\"hr-title hr-full hr-center\" style=\"\"><abbr><i class=\"icon-down-open\"><\/i> <\/abbr><\/div>[\/vc_column][\/vc_row][vc_row text_align=&#8221;center&#8221; type=&#8221;image&#8221; bg_attachment=&#8221;true&#8221; padding_top=&#8221;&#8221; padding_bottom=&#8221;&#8221; overflow=&#8221;false&#8221; visibility=&#8221;visible-xs,visible-sm,visible-md,visible-lg,visible-xlg&#8221; bg_image=&#8221;40&#8243;][vc_column][vc_column_text text_color=&#8221;#727272&#8243; animation=&#8221;animate-when-almost-visible&#8221; css_animation=&#8221;el-fade&#8221;]<\/p>\n<h1 style=\"text-align: center;\"><span style=\"color: #333333;\">Apoyos<\/span><\/h1>\n<p>[\/vc_column_text][\/vc_column][\/vc_row][vc_row gap=&#8221;20&#8243; text_align=&#8221;center&#8221; type=&#8221;image&#8221; bg_attachment=&#8221;true&#8221; padding_top=&#8221;&#8221; padding_bottom=&#8221;&#8221; overflow=&#8221;false&#8221; visibility=&#8221;visible-xs,visible-sm,visible-md,visible-lg,visible-xlg&#8221; bg_image=&#8221;40&#8243;][vc_column width=&#8221;1\/3&#8243;][vc_single_image image=&#8221;1192&#8243; img_size=&#8221;full&#8221; alignment=&#8221;center&#8221; style=&#8221;vc_box_shadow_border&#8221; onclick=&#8221;custom_link&#8221; box_shadow=&#8221;zoom&#8221; animation=&#8221;animate-when-almost-visible&#8221; css_animation=&#8221;el-fade&#8221; link=&#8221;https:\/\/pre.espacioaudiovisualnacional.org\/ean2023\/apoyos\/&#8221;][vc_column_text animation=&#8221;animate-when-almost-visible&#8221; css_animation=&#8221;el-fade&#8221;]<\/p>\n<h2><a href=\"https:\/\/pre.espacioaudiovisualnacional.org\/ean2023\/apoyos\/\">Norma Aleandro<\/a><\/h2>\n<blockquote>\n<h3><a href=\"https:\/\/pre.espacioaudiovisualnacional.org\/ean2023\/apoyos\/\"><span style=\"color: #808080;\">Actriz<\/span><\/a><\/h3>\n<\/blockquote>\n<p>[\/vc_column_text][\/vc_column][vc_column width=&#8221;1\/3&#8243;][vc_single_image image=&#8221;1194&#8243; img_size=&#8221;full&#8221; alignment=&#8221;center&#8221; style=&#8221;vc_box_shadow_border&#8221; onclick=&#8221;custom_link&#8221; box_shadow=&#8221;zoom&#8221; animation=&#8221;animate-when-almost-visible&#8221; css_animation=&#8221;el-fade&#8221; link=&#8221;https:\/\/pre.espacioaudiovisualnacional.org\/ean2023\/apoyos\/&#8221;][vc_column_text animation=&#8221;animate-when-almost-visible&#8221; css_animation=&#8221;el-fade&#8221;]<\/p>\n<h2><a href=\"https:\/\/pre.espacioaudiovisualnacional.org\/ean2023\/apoyos\/\">Adri\u00e1n Suar<\/a><\/h2>\n<blockquote>\n<h3><a href=\"https:\/\/pre.espacioaudiovisualnacional.org\/ean2023\/apoyos\/\"><span style=\"color: #808080;\">Actor y productor<\/span><\/a><\/h3>\n<\/blockquote>\n<p>[\/vc_column_text][\/vc_column][vc_column width=&#8221;1\/3&#8243;][vc_single_image image=&#8221;1188&#8243; img_size=&#8221;full&#8221; alignment=&#8221;center&#8221; style=&#8221;vc_box_shadow_border&#8221; onclick=&#8221;custom_link&#8221; box_shadow=&#8221;zoom&#8221; animation=&#8221;animate-when-almost-visible&#8221; css_animation=&#8221;el-fade&#8221; link=&#8221;https:\/\/pre.espacioaudiovisualnacional.org\/ean2023\/apoyos\/&#8221;][vc_column_text animation=&#8221;animate-when-almost-visible&#8221; css_animation=&#8221;el-fade&#8221;]<\/p>\n<h2><a href=\"https:\/\/pre.espacioaudiovisualnacional.org\/ean2023\/apoyos\/\">Celeste Cid<\/a><\/h2>\n<blockquote>\n<h3><a href=\"https:\/\/pre.espacioaudiovisualnacional.org\/ean2023\/apoyos\/\"><span style=\"color: #808080;\">Actriz<\/span><\/a><\/h3>\n<\/blockquote>\n<p>[\/vc_column_text][\/vc_column][\/vc_row][vc_row text_align=&#8221;center&#8221; type=&#8221;image&#8221; bg_attachment=&#8221;true&#8221; padding_bottom=&#8221;&#8221; overflow=&#8221;false&#8221; visibility=&#8221;visible-xs,visible-sm,visible-md,visible-lg,visible-xlg&#8221; bg_image=&#8221;40&#8243;][vc_column][vc_btn title=&#8221;Ver m\u00e1s apoyos&#8221; color=&#8221;primary&#8221; size=&#8221;lg&#8221; css_animation=&#8221;fadeIn&#8221; link=&#8221;url:https%3A%2F%2Fespacioaudiovisualnacional.org%2Fapoyos%2F|title:Ver%20m%C3%A1s%20apoyos&#8221;][\/vc_column][\/vc_row]<\/p>\n<\/section>","protected":false},"excerpt":{"rendered":"<p>[vc_row full_height=&#8221;yes&#8221; text_align=&#8221;center&#8221; text_color=&#8221;#ffffff&#8221; type=&#8221;image&#8221; bg_position_horizontal=&#8221;center&#8221; bg_attachment=&#8221;true&#8221; padding_top=&#8221;&#8221; padding_bottom=&#8221;20&#8243; overflow=&#8221;false&#8221; visibility=&#8221;hidden-xs,hidden-sm&#8221; bg_image=&#8221;1546&#8243;][vc_column css=&#8221;.vc_custom_1690502724727{border-right-width: 20px !important;border-left-width: 20px !important;}&#8221;][vc_column_text text_color=&#8221;#ffffff&#8221; animation=&#8221;animate-when-almost-visible&#8221; css_animation=&#8221;el-fade&#8221; css=&#8221;.vc_custom_1690504806715{padding-top: 20px !important;padding-right: 40px !important;padding-bottom: 20px !important;padding-left: 40px !important;}&#8221;] EVENTO ESPECIAL MI\u00c9RCOLES 02 DE AGOSTO DE 10 HS. A 13 HS. CENTRO CULTURAL KIRCHNER Presentaci\u00f3n del Proyecto de Ley Federal para la Producci\u00f3n y la Industria Audiovisual [\/vc_column_text][vc_btn title=&#8221;VER M\u00c1S&#8221; [&hellip;]<\/p>\n","protected":false},"author":1,"featured_media":0,"parent":0,"menu_order":0,"comment_status":"closed","ping_status":"closed","template":"","meta":{"footnotes":""},"class_list":["post-1534","page","type-page","status-publish","hentry"],"_links":{"self":[{"href":"https:\/\/pre.espacioaudiovisualnacional.org\/ean2023\/wp-json\/wp\/v2\/pages\/1534","targetHints":{"allow":["GET"]}}],"collection":[{"href":"https:\/\/pre.espacioaudiovisualnacional.org\/ean2023\/wp-json\/wp\/v2\/pages"}],"about":[{"href":"https:\/\/pre.espacioaudiovisualnacional.org\/ean2023\/wp-json\/wp\/v2\/types\/page"}],"author":[{"embeddable":true,"href":"https:\/\/pre.espacioaudiovisualnacional.org\/ean2023\/wp-json\/wp\/v2\/users\/1"}],"replies":[{"embeddable":true,"href":"https:\/\/pre.espacioaudiovisualnacional.org\/ean2023\/wp-json\/wp\/v2\/comments?post=1534"}],"version-history":[{"count":13,"href":"https:\/\/pre.espacioaudiovisualnacional.org\/ean2023\/wp-json\/wp\/v2\/pages\/1534\/revisions"}],"predecessor-version":[{"id":1576,"href":"https:\/\/pre.espacioaudiovisualnacional.org\/ean2023\/wp-json\/wp\/v2\/pages\/1534\/revisions\/1576"}],"wp:attachment":[{"href":"https:\/\/pre.espacioaudiovisualnacional.org\/ean2023\/wp-json\/wp\/v2\/media?parent=1534"}],"curies":[{"name":"wp","href":"https:\/\/api.w.org\/{rel}","templated":true}]}}